{"id":16,"date":"2020-05-22T10:22:00","date_gmt":"2020-05-22T08:22:00","guid":{"rendered":"http:\/\/centremedicalwattelar.be\/index.php\/mesmerize\/"},"modified":"2020-06-22T14:29:07","modified_gmt":"2020-06-22T12:29:07","slug":"mesmerize","status":"publish","type":"page","link":"https:\/\/centremedicalwattelar.be\/","title":{"rendered":"accueil"},"content":{"rendered":"\n[et_pb_section admin_label=\u00a0\u00bbsection\u00a0\u00bb]\n\t\t\t[et_pb_row admin_label=\u00a0\u00bbrow\u00a0\u00bb]\n\t\t\t\t[et_pb_column type=\u00a0\u00bb4_4&Prime;][et_pb_text admin_label=\u00a0\u00bbText\u00a0\u00bb]<div  id=\"coronavirus\" style=\"background-color: #ffffff;\" data-label=\"Coronavirus\" data-id=\"content-2\" data-export-id=\"content-2\" data-category=\"content\" class=\"content-2 content-section content-section-spacing\"><div > <div  class=\"row middle-xs\"><div  class=\"col-sm-5 bg-image shadow-large-black\" data-bg=\"image\" style=\"background-image: url(&quot;http:\/\/centremedicalwattelar.be\/wp-content\/uploads\/2020\/05\/cropped-95bf864f21_50160108_coronavirus-sras-2019-ncov-differences-1.jpg&quot;);\"><\/div> <div  class=\"col-sm-7 full-col-left-padding full-col-right-padding\"> <div  class=\"row\"> <div  data-type=\"column\" class=\"space-bottom-small content-title-col\">  <h2  class=\"\">Reprise progressive des consultations depuis ce lundi 11 Mai<\/h2> <p  class=\"\">Evidemment, quelques r\u00e8gles s\u2019appliquent :<\/p><\/div> <\/div> <div  class=\"row spaced-cols \" data-type=\"row\"> <div  class=\"col-xs-6\" data-type=\"column\"> <h5  class=\"\">PORT D\u2019UN MASQUE OBLIGATOIRE POUR TOUS<\/h5> <p  class=\"\">Un petit coup d\u2019hydrogel sur les mains est \u00e9galement appr\u00e9ci\u00e9<\/p><\/div> <div  class=\"col-xs-6\" data-type=\"column\"><h5  class=\"\">VENEZ&nbsp;\u00c0 VOTRE RENDEZ-VOUS&nbsp;\u00c0 L\u2019HEURE PR\u00c9CISE<\/h5> <p  class=\"\">Ni trop t\u00f4t, ni trop tard<\/p><\/div> <div  class=\"col-xs-6\" data-type=\"column\"><h5  class=\"\">PAS D\u2019ACCOMPAGNEMENT AUTORIS\u00c9<\/h5> <p  class=\"\">Sauf\u200b si personne ag\u00e9e ou handicap\u00e9e devant \u00eatre aid\u00e9e, et les enfants. Un seul parent et un seul enfant \u00e0 la fois en&nbsp;salle d\u2019attente<\/p><\/div> <div  class=\"col-xs-6\" data-type=\"column\"><h5  class=\"\">6 CHAISES DANS CHACUNE DES 2 SALLES D\u2019ATTENTE<\/h5> <p  class=\"\">Si toutes les places assises sont occup\u00e9es, allez attendre dehors ou dans la bvoiture et rentrez d\u00e8s que des places s elob\u00e8rent (ou laissez un num\u00e9ro de GSM au secr\u00e9tariat pour qu\u2019on vous appelle)\u200b<\/p><\/div> <\/div><\/div> <\/div><\/div> <\/div><div  id=\"team-2\" style=\"background-color: rgb(245, 250, 253); background-image: none;\" data-label=\"Team\" data-id=\"team-2\" data-export-id=\"team-2\" data-category=\"team\" class=\"team-2 content-section content-section-spacing\"><div  class=\"gridContainer\"> <div  class=\"row text-center\"><div  class=\"section-title-col\" data-type=\"column\"> <h2  class=\"\">Prendre rendez-vous<\/h2> <\/div> <\/div> <div  class=\"row spaced-cols content-center-sm\" data-type=\"row\"> <div  class=\"col-sm-6 col-md-3\"> <div  class=\"card y-move no-padding bordered\"> <a data-cp-link=\"1\" href=\"#\" ><img data-recalc-dims=\"1\" decoding=\"async\"  class=\"face\" src=\"https:\/\/i0.wp.com\/centremedicalwattelar.be\/wp-content\/uploads\/2020\/05\/cropped-Michel-Pardoen-1.jpg?w=1080\" alt=\"\" title=\"cropped-Michel-Pardoen.jpg\"><\/a> <div  data-type=\"column\" class=\"col-padding-small col-padding-small-xs description-container\"> <h4  class=\"font-500\">DR Michel PARDOEN\n<br ><\/h4> <h6 class=\"\" >M\u00e9decine g\u00e9n\u00e9rale<\/h6><p  class=\"\">UCL 1985\n<br >Maitre de stage\n<br >Sur rendez-vous\n<br >071\/34.43.34<\/p><p  class=\"small\" style=\"font-style: italic;\">En cas d\u2019indisponibilit\u00e9, il vous est loisible de prendre rendez-vous avec mon assistante Dr. Aline Houba<\/p>  <a class=\"button blue\" href=\"https:\/\/prendre-mon-rdv.com\/dr-pardoen-michel\/medecin-generaliste\/charleroi\" target=\"_blank\" data-cp-link=\"1\" rel=\"noopener noreferrer\">Rendez-Vous<\/a><div  class=\"social-icons-group\" data-type=\"group\"> <a href=\"https:\/\/prendre-mon-rdv.com\/dr-pardoen-michel\/medecin-generaliste\/charleroi\" target=\"_blank\" rel=\"noopener noreferrer\" class=\"\" data-reiki-hidden=\"true\"><i  class=\"gray fa icon fa-arrow-right\"><\/i><\/a> <a href=\"#\" target=\"_self\" data-reiki-hidden=\"true\" rel=\"noopener noreferrer\"><i  class=\"gray fa icon fa-twitter-square\"><\/i><\/a> <a href=\"#\" target=\"_self\" data-reiki-hidden=\"true\" rel=\"noopener noreferrer\"><i  class=\"gray fa icon fa-linkedin-square\"><\/i><\/a> <a href=\"#\" target=\"_self\" data-reiki-hidden=\"true\" rel=\"noopener noreferrer\"><i  class=\"gray fa icon fa-google-plus-square\"><\/i><\/a><\/div><\/div><\/div> <\/div> <div  class=\"col-sm-6 col-md-3\"> <div  class=\"card y-move no-padding bordered\"> <img data-recalc-dims=\"1\" decoding=\"async\"  class=\"face\" src=\"https:\/\/i0.wp.com\/centremedicalwattelar.be\/wp-content\/uploads\/2020\/05\/cropped-Gustave-Mossi.jpg?w=1080\" alt=\"\" title=\"cropped-Gustave-Mossi.jpg\"> <div  data-type=\"column\" class=\"col-padding-small col-padding-small-xs description-container\"> <h4  class=\"font-500\">DR Gustave MOSSI WANSE<\/h4> <h6 class=\"\" >M\u00e9decine g\u00e9n\u00e9rale<\/h6><p  class=\"\">Sur rendez-vous\n<br >071\/34.43.34 ou 0474\/50.67.66<\/p><p  class=\"small\" style=\"font-style: italic;\">Petite chirurgie : prenez rendez-vous avant pour pr\u00e9senter le probl\u00e8me\n<br ><br ><\/p> <div  class=\"social-icons-group\" data-type=\"group\"> <a href=\"#\" target=\"_self\" data-reiki-hidden=\"true\" rel=\"noopener noreferrer\"><i  class=\"gray fa icon fa-facebook-square\"><\/i><\/a> <a href=\"#\" target=\"_self\" data-reiki-hidden=\"true\" rel=\"noopener noreferrer\"><i  class=\"gray fa icon fa-twitter-square\"><\/i><\/a> <a href=\"#\" target=\"_self\" data-reiki-hidden=\"true\" rel=\"noopener noreferrer\"><i  class=\"gray fa icon fa-linkedin-square\"><\/i><\/a> <a href=\"#\" target=\"_self\" data-reiki-hidden=\"true\" rel=\"noopener noreferrer\"><i  class=\"gray fa icon fa-google-plus-square\"><\/i><\/a><\/div> <a class=\"button blue\" href=\"https:\/\/prendre-mon-rdv.com\/dr-mossi-gustave\/medecin-generaliste\/charleroi\" target=\"_blank\" data-cp-link=\"1\" rel=\"noopener noreferrer\">Rendez-Vous<\/a><\/div><\/div> <\/div> <div  class=\"col-sm-6 col-md-3\"> <div  class=\"card y-move no-padding bordered\"> <img data-recalc-dims=\"1\" decoding=\"async\"  class=\"face\" src=\"https:\/\/i0.wp.com\/centremedicalwattelar.be\/wp-content\/uploads\/2020\/05\/cropped-Thierry-Steineir.jpg?w=1080\" alt=\"\" title=\"cropped-Thierry-Steineir.jpg\"> <div  data-type=\"column\" class=\"col-padding-small col-padding-small-xs description-container\"> <h4  class=\"font-500\">DR Thierry STEINIER\n<br ><\/h4> <h6 class=\"\" >M\u00e9decine g\u00e9n\u00e9rale<\/h6><p  class=\"\">UCL 1987\n<br >Agr\u00e9\u00e9 Police et arm\u00e9e\n<br >sur rendez-vous\n<br >071\/35.64.11\n<br ><br >\n<br ><\/p> <div  class=\"social-icons-group\" data-type=\"group\"> <a href=\"#\" target=\"_self\" data-reiki-hidden=\"true\" rel=\"noopener noreferrer\"><i  class=\"gray fa icon fa-facebook-square\"><\/i><\/a> <a href=\"#\" target=\"_self\" data-reiki-hidden=\"true\" rel=\"noopener noreferrer\"><i  class=\"gray fa icon fa-twitter-square\"><\/i><\/a> <a href=\"#\" target=\"_self\" data-reiki-hidden=\"true\" rel=\"noopener noreferrer\"><i  class=\"gray fa icon fa-linkedin-square\"><\/i><\/a> <a href=\"#\" target=\"_self\" data-reiki-hidden=\"true\" rel=\"noopener noreferrer\"><i  class=\"gray fa icon fa-google-plus-square\"><\/i><\/a><\/div> <a class=\"button blue\" href=\"https:\/\/prendre-mon-rdv.com\/docteur-thierry-steinier\/medecin-generaliste\/jumet\" target=\"_blank\" data-cp-link=\"1\" rel=\"noopener noreferrer\">Rendez-Vous<\/a><\/div><\/div> <\/div> <div  class=\"col-sm-6 col-md-3\"> <div  class=\"card y-move no-padding bordered\"> <img data-recalc-dims=\"1\" decoding=\"async\"  class=\"face\" src=\"https:\/\/i0.wp.com\/centremedicalwattelar.be\/wp-content\/uploads\/2020\/05\/cropped-unnamed-1.jpg?w=1080\" alt=\"\" title=\"cropped-unnamed-1.jpg\"> <div  data-type=\"column\" class=\"col-padding-small col-padding-small-xs description-container\"> <h4  class=\"font-500\">DR Aline HOUBA\n<br ><\/h4> <h6 class=\"\" >M\u00e9decine g\u00e9n\u00e9rale\n<\/h6> <div  class=\"social-icons-group\" data-type=\"group\"> <a href=\"#\" target=\"_self\" data-reiki-hidden=\"true\" rel=\"noopener noreferrer\"><i  class=\"gray fa icon fa-facebook-square\"><\/i><\/a> <a href=\"#\" target=\"_self\" data-reiki-hidden=\"true\" rel=\"noopener noreferrer\"><i  class=\"gray fa icon fa-twitter-square\"><\/i><\/a> <a href=\"#\" target=\"_self\" data-reiki-hidden=\"true\" rel=\"noopener noreferrer\"><i  class=\"gray fa icon fa-linkedin-square\"><\/i><\/a> <a href=\"#\" target=\"_self\" data-reiki-hidden=\"true\" rel=\"noopener noreferrer\"><i  class=\"gray fa icon fa-google-plus-square\"><\/i><\/a><\/div> <p  class=\"\">Assistante du Dr Michel Pardoen\n<br >0470\/84.35.24\n<br ><br >\n<br ><br ><\/p><a class=\"button blue\" href=\"https:\/\/prendre-mon-rdv.com\/dr-houba-aline\/medecin-generaliste\/charleroi\" target=\"_blank\" data-cp-link=\"1\" rel=\"noopener noreferrer\">Rendez-Vous<\/a><\/div><\/div> <\/div>    <div  class=\"col-sm-6 col-md-3\"> <div  class=\"card y-move no-padding bordered\"> <img data-recalc-dims=\"1\" decoding=\"async\"  class=\"face\" src=\"https:\/\/i0.wp.com\/centremedicalwattelar.be\/wp-content\/uploads\/2020\/05\/cropped-damien-badot.jpg?w=1080\" alt=\"\" title=\"cropped-Michel-Pardoen.jpg\"> <div  data-type=\"column\" class=\"col-padding-small col-padding-small-xs description-container\"> <h4  class=\"font-500\">DR Damien BADOT\n<br ><\/h4> <h6 class=\"\" >Cardiologie\n<\/h6><p  class=\"small\" style=\"font-style: italic;\">UCL 1985<br >Maitre de stage<br ><br >Sur rendez-vous<br ><br >071\/34.43.34<br ><br >En cas d\u2019indisponibilit\u00e9, il vous est loisible de prendre rendez-vous avec mon assistante Dr. Aline Houba<\/p>  <a class=\"button blue\" href=\"https:\/\/prendre-mon-rdv.com\/dr-pardoen-michel\/medecin-generaliste\/charleroi\" target=\"_blank\" data-cp-link=\"1\" rel=\"noopener noreferrer\">Rendez-Vous<\/a><div  class=\"social-icons-group\" data-type=\"group\"> <a href=\"https:\/\/prendre-mon-rdv.com\/dr-pardoen-michel\/medecin-generaliste\/charleroi\" target=\"_blank\" rel=\"noopener noreferrer\" class=\"\" data-reiki-hidden=\"true\"><i  class=\"gray fa icon fa-arrow-right\"><\/i><\/a> <a href=\"#\" target=\"_self\" data-reiki-hidden=\"true\" rel=\"noopener noreferrer\"><i  class=\"gray fa icon fa-twitter-square\"><\/i><\/a> <a href=\"#\" target=\"_self\" data-reiki-hidden=\"true\" rel=\"noopener noreferrer\"><i  class=\"gray fa icon fa-linkedin-square\"><\/i><\/a> <a href=\"#\" target=\"_self\" data-reiki-hidden=\"true\" rel=\"noopener noreferrer\"><i  class=\"gray fa icon fa-google-plus-square\"><\/i><\/a><\/div><\/div><\/div> <\/div><div  class=\"col-sm-6 col-md-3\"> <div  class=\"card y-move no-padding bordered\"> <img data-recalc-dims=\"1\" decoding=\"async\"  class=\"face\" src=\"https:\/\/i0.wp.com\/centremedicalwattelar.be\/wp-content\/uploads\/2020\/05\/cropped-Michel-Pardoen.jpg?w=1080\" alt=\"\" title=\"cropped-Michel-Pardoen.jpg\"> <div  data-type=\"column\" class=\"col-padding-small col-padding-small-xs description-container\"> <h4  class=\"font-500\">DR Michel PARDOEN<\/h4> <p  class=\"small\" style=\"font-style: italic;\">UCL 1985<br >Maitre de stage<br ><br >Sur rendez-vous<br ><br >071\/34.43.34<br ><br >En cas d\u2019indisponibilit\u00e9, il vous est loisible de prendre rendez-vous avec mon assistante Dr. Aline Houba<\/p>  <a class=\"button blue\" href=\"https:\/\/prendre-mon-rdv.com\/dr-pardoen-michel\/medecin-generaliste\/charleroi\" target=\"_blank\" data-cp-link=\"1\" rel=\"noopener noreferrer\">Rendez-Vous<\/a><div  class=\"social-icons-group\" data-type=\"group\"> <a href=\"https:\/\/prendre-mon-rdv.com\/dr-pardoen-michel\/medecin-generaliste\/charleroi\" target=\"_blank\" rel=\"noopener noreferrer\" class=\"\" data-reiki-hidden=\"true\"><i  class=\"gray fa icon fa-arrow-right\"><\/i><\/a> <a href=\"#\" target=\"_self\" data-reiki-hidden=\"true\" rel=\"noopener noreferrer\"><i  class=\"gray fa icon fa-twitter-square\"><\/i><\/a> <a href=\"#\" target=\"_self\" data-reiki-hidden=\"true\" rel=\"noopener noreferrer\"><i  class=\"gray fa icon fa-linkedin-square\"><\/i><\/a> <a href=\"#\" target=\"_self\" data-reiki-hidden=\"true\" rel=\"noopener noreferrer\"><i  class=\"gray fa icon fa-google-plus-square\"><\/i><\/a><\/div><\/div><\/div> <\/div><div  class=\"col-sm-6 col-md-3\"> <div  class=\"card y-move no-padding bordered\"> <img data-recalc-dims=\"1\" decoding=\"async\"  class=\"face\" src=\"https:\/\/i0.wp.com\/centremedicalwattelar.be\/wp-content\/uploads\/2020\/05\/cropped-Michel-Pardoen.jpg?w=1080\" alt=\"\" title=\"cropped-Michel-Pardoen.jpg\"> <div  data-type=\"column\" class=\"col-padding-small col-padding-small-xs description-container\"> <h4  class=\"font-500\">DR Michel PARDOEN<\/h4> <p  class=\"small\" style=\"font-style: italic;\">UCL 1985<br >Maitre de stage<br ><br >Sur rendez-vous<br ><br >071\/34.43.34<br ><br >En cas d\u2019indisponibilit\u00e9, il vous est loisible de prendre rendez-vous avec mon assistante Dr. Aline Houba<\/p>  <a class=\"button blue\" href=\"https:\/\/prendre-mon-rdv.com\/dr-pardoen-michel\/medecin-generaliste\/charleroi\" target=\"_blank\" data-cp-link=\"1\" rel=\"noopener noreferrer\">Rendez-Vous<\/a><div  class=\"social-icons-group\" data-type=\"group\"> <a href=\"https:\/\/prendre-mon-rdv.com\/dr-pardoen-michel\/medecin-generaliste\/charleroi\" target=\"_blank\" rel=\"noopener noreferrer\" class=\"\" data-reiki-hidden=\"true\"><i  class=\"gray fa icon fa-arrow-right\"><\/i><\/a> <a href=\"#\" target=\"_self\" data-reiki-hidden=\"true\" rel=\"noopener noreferrer\"><i  class=\"gray fa icon fa-twitter-square\"><\/i><\/a> <a href=\"#\" target=\"_self\" data-reiki-hidden=\"true\" rel=\"noopener noreferrer\"><i  class=\"gray fa icon fa-linkedin-square\"><\/i><\/a> <a href=\"#\" target=\"_self\" data-reiki-hidden=\"true\" rel=\"noopener noreferrer\"><i  class=\"gray fa icon fa-google-plus-square\"><\/i><\/a><\/div><\/div><\/div> <\/div><div  class=\"col-sm-6 col-md-3\"> <div  class=\"card y-move no-padding bordered\"> <img data-recalc-dims=\"1\" decoding=\"async\"  class=\"face\" src=\"https:\/\/i0.wp.com\/centremedicalwattelar.be\/wp-content\/uploads\/2020\/05\/cropped-Michel-Pardoen.jpg?w=1080\" alt=\"\" title=\"cropped-Michel-Pardoen.jpg\"> <div  data-type=\"column\" class=\"col-padding-small col-padding-small-xs description-container\"> <h4  class=\"font-500\">DR Michel PARDOEN<\/h4> <p  class=\"small\" style=\"font-style: italic;\">UCL 1985<br >Maitre de stage<br ><br >Sur rendez-vous<br ><br >071\/34.43.34<br ><br >En cas d\u2019indisponibilit\u00e9, il vous est loisible de prendre rendez-vous avec mon assistante Dr. Aline Houba<\/p>  <a class=\"button blue\" href=\"https:\/\/prendre-mon-rdv.com\/dr-pardoen-michel\/medecin-generaliste\/charleroi\" target=\"_blank\" data-cp-link=\"1\" rel=\"noopener noreferrer\">Rendez-Vous<\/a><div  class=\"social-icons-group\" data-type=\"group\"> <a href=\"https:\/\/prendre-mon-rdv.com\/dr-pardoen-michel\/medecin-generaliste\/charleroi\" target=\"_blank\" rel=\"noopener noreferrer\" class=\"\" data-reiki-hidden=\"true\"><i  class=\"gray fa icon fa-arrow-right\"><\/i><\/a> <a href=\"#\" target=\"_self\" data-reiki-hidden=\"true\" rel=\"noopener noreferrer\"><i  class=\"gray fa icon fa-twitter-square\"><\/i><\/a> <a href=\"#\" target=\"_self\" data-reiki-hidden=\"true\" rel=\"noopener noreferrer\"><i  class=\"gray fa icon fa-linkedin-square\"><\/i><\/a> <a href=\"#\" target=\"_self\" data-reiki-hidden=\"true\" rel=\"noopener noreferrer\"><i  class=\"gray fa icon fa-google-plus-square\"><\/i><\/a><\/div><\/div><\/div> <\/div><div  class=\"col-sm-6 col-md-3\"> <div  class=\"card y-move no-padding bordered\"> <img data-recalc-dims=\"1\" decoding=\"async\"  class=\"face\" src=\"https:\/\/i0.wp.com\/centremedicalwattelar.be\/wp-content\/uploads\/2020\/05\/cropped-Michel-Pardoen.jpg?w=1080\" alt=\"\" title=\"cropped-Michel-Pardoen.jpg\"> <div  data-type=\"column\" class=\"col-padding-small col-padding-small-xs description-container\"> <h4  class=\"font-500\">DR Michel PARDOEN<\/h4> <p  class=\"small\" style=\"font-style: italic;\">UCL 1985<br >Maitre de stage<br ><br >Sur rendez-vous<br ><br >071\/34.43.34<br ><br >En cas d\u2019indisponibilit\u00e9, il vous est loisible de prendre rendez-vous avec mon assistante Dr. Aline Houba<\/p>  <a class=\"button blue\" href=\"https:\/\/prendre-mon-rdv.com\/dr-pardoen-michel\/medecin-generaliste\/charleroi\" target=\"_blank\" data-cp-link=\"1\" rel=\"noopener noreferrer\">Rendez-Vous<\/a><div  class=\"social-icons-group\" data-type=\"group\"> <a href=\"https:\/\/prendre-mon-rdv.com\/dr-pardoen-michel\/medecin-generaliste\/charleroi\" target=\"_blank\" rel=\"noopener noreferrer\" class=\"\" data-reiki-hidden=\"true\"><i  class=\"gray fa icon fa-arrow-right\"><\/i><\/a> <a href=\"#\" target=\"_self\" data-reiki-hidden=\"true\" rel=\"noopener noreferrer\"><i  class=\"gray fa icon fa-twitter-square\"><\/i><\/a> <a href=\"#\" target=\"_self\" data-reiki-hidden=\"true\" rel=\"noopener noreferrer\"><i  class=\"gray fa icon fa-linkedin-square\"><\/i><\/a> <a href=\"#\" target=\"_self\" data-reiki-hidden=\"true\" rel=\"noopener noreferrer\"><i  class=\"gray fa icon fa-google-plus-square\"><\/i><\/a><\/div><\/div><\/div> <\/div><div  class=\"col-sm-6 col-md-3\"> <div  class=\"card y-move no-padding bordered\"> <img data-recalc-dims=\"1\" decoding=\"async\"  class=\"face\" src=\"https:\/\/i0.wp.com\/centremedicalwattelar.be\/wp-content\/uploads\/2020\/05\/cropped-Michel-Pardoen.jpg?w=1080\" alt=\"\" title=\"cropped-Michel-Pardoen.jpg\"> <div  data-type=\"column\" class=\"col-padding-small col-padding-small-xs description-container\"> <h4  class=\"font-500\">DR Michel PARDOEN<\/h4> <p  class=\"small\" style=\"font-style: italic;\">UCL 1985<br >Maitre de stage<br ><br >Sur rendez-vous<br ><br >071\/34.43.34<br ><br >En cas d\u2019indisponibilit\u00e9, il vous est loisible de prendre rendez-vous avec mon assistante Dr. Aline Houba<\/p>  <a class=\"button blue\" href=\"https:\/\/prendre-mon-rdv.com\/dr-pardoen-michel\/medecin-generaliste\/charleroi\" target=\"_blank\" data-cp-link=\"1\" rel=\"noopener noreferrer\">Rendez-Vous<\/a><div  class=\"social-icons-group\" data-type=\"group\"> <a href=\"https:\/\/prendre-mon-rdv.com\/dr-pardoen-michel\/medecin-generaliste\/charleroi\" target=\"_blank\" rel=\"noopener noreferrer\" class=\"\" data-reiki-hidden=\"true\"><i  class=\"gray fa icon fa-arrow-right\"><\/i><\/a> <a href=\"#\" target=\"_self\" data-reiki-hidden=\"true\" rel=\"noopener noreferrer\"><i  class=\"gray fa icon fa-twitter-square\"><\/i><\/a> <a href=\"#\" target=\"_self\" data-reiki-hidden=\"true\" rel=\"noopener noreferrer\"><i  class=\"gray fa icon fa-linkedin-square\"><\/i><\/a> <a href=\"#\" target=\"_self\" data-reiki-hidden=\"true\" rel=\"noopener noreferrer\"><i  class=\"gray fa icon fa-google-plus-square\"><\/i><\/a><\/div><\/div><\/div> <\/div><div  class=\"col-sm-6 col-md-3\"> <div  class=\"card y-move no-padding bordered\"> <img data-recalc-dims=\"1\" decoding=\"async\"  class=\"face\" src=\"https:\/\/i0.wp.com\/centremedicalwattelar.be\/wp-content\/uploads\/2020\/05\/cropped-Michel-Pardoen.jpg?w=1080\" alt=\"\" title=\"cropped-Michel-Pardoen.jpg\"> <div  data-type=\"column\" class=\"col-padding-small col-padding-small-xs description-container\"> <h4  class=\"font-500\">DR Michel PARDOEN<\/h4> <p  class=\"small\" style=\"font-style: italic;\">UCL 1985<br >Maitre de stage<br ><br >Sur rendez-vous<br ><br >071\/34.43.34<br ><br >En cas d\u2019indisponibilit\u00e9, il vous est loisible de prendre rendez-vous avec mon assistante Dr. Aline Houba<\/p>  <a class=\"button blue\" href=\"https:\/\/prendre-mon-rdv.com\/dr-pardoen-michel\/medecin-generaliste\/charleroi\" target=\"_blank\" data-cp-link=\"1\" rel=\"noopener noreferrer\">Rendez-Vous<\/a><div  class=\"social-icons-group\" data-type=\"group\"> <a href=\"https:\/\/prendre-mon-rdv.com\/dr-pardoen-michel\/medecin-generaliste\/charleroi\" target=\"_blank\" rel=\"noopener noreferrer\" class=\"\" data-reiki-hidden=\"true\"><i  class=\"gray fa icon fa-arrow-right\"><\/i><\/a> <a href=\"#\" target=\"_self\" data-reiki-hidden=\"true\" rel=\"noopener noreferrer\"><i  class=\"gray fa icon fa-twitter-square\"><\/i><\/a> <a href=\"#\" target=\"_self\" data-reiki-hidden=\"true\" rel=\"noopener noreferrer\"><i  class=\"gray fa icon fa-linkedin-square\"><\/i><\/a> <a href=\"#\" target=\"_self\" data-reiki-hidden=\"true\" rel=\"noopener noreferrer\"><i  class=\"gray fa icon fa-google-plus-square\"><\/i><\/a><\/div><\/div><\/div> <\/div><div  class=\"col-sm-6 col-md-3\"> <div  class=\"card y-move no-padding bordered\"> <img data-recalc-dims=\"1\" decoding=\"async\"  class=\"face\" src=\"https:\/\/i0.wp.com\/centremedicalwattelar.be\/wp-content\/uploads\/2020\/05\/cropped-Michel-Pardoen.jpg?w=1080\" alt=\"\" title=\"cropped-Michel-Pardoen.jpg\"> <div  data-type=\"column\" class=\"col-padding-small col-padding-small-xs description-container\"> <h4  class=\"font-500\">DR Michel PARDOEN<\/h4> <p  class=\"small\" style=\"font-style: italic;\">UCL 1985<br >Maitre de stage<br ><br >Sur rendez-vous<br ><br >071\/34.43.34<br ><br >En cas d\u2019indisponibilit\u00e9, il vous est loisible de prendre rendez-vous avec mon assistante Dr. Aline Houba<\/p>  <a class=\"button blue\" href=\"https:\/\/prendre-mon-rdv.com\/dr-pardoen-michel\/medecin-generaliste\/charleroi\" target=\"_blank\" data-cp-link=\"1\" rel=\"noopener noreferrer\">Rendez-Vous<\/a><div  class=\"social-icons-group\" data-type=\"group\"> <a href=\"https:\/\/prendre-mon-rdv.com\/dr-pardoen-michel\/medecin-generaliste\/charleroi\" target=\"_blank\" rel=\"noopener noreferrer\" class=\"\" data-reiki-hidden=\"true\"><i  class=\"gray fa icon fa-arrow-right\"><\/i><\/a> <a href=\"#\" target=\"_self\" data-reiki-hidden=\"true\" rel=\"noopener noreferrer\"><i  class=\"gray fa icon fa-twitter-square\"><\/i><\/a> <a href=\"#\" target=\"_self\" data-reiki-hidden=\"true\" rel=\"noopener noreferrer\"><i  class=\"gray fa icon fa-linkedin-square\"><\/i><\/a> <a href=\"#\" target=\"_self\" data-reiki-hidden=\"true\" rel=\"noopener noreferrer\"><i  class=\"gray fa icon fa-google-plus-square\"><\/i><\/a><\/div><\/div><\/div> <\/div><div  class=\"col-sm-6 col-md-3\"> <div  class=\"card y-move no-padding bordered\"> <a data-cp-link=\"1\" href=\"https:\/\/prendre-mon-rdv.com\/dr-pardoen-michel\/medecin-generaliste\/charleroi\" target=\"_blank\" rel=\"noopener noreferrer\" class=\"\"><img data-recalc-dims=\"1\" decoding=\"async\"  class=\"face\" src=\"https:\/\/i0.wp.com\/centremedicalwattelar.be\/wp-content\/uploads\/2020\/05\/cropped-Michel-Pardoen.jpg?w=1080\" alt=\"\" title=\"cropped-Michel-Pardoen.jpg\"><\/a> <div  data-type=\"column\" class=\"col-padding-small col-padding-small-xs description-container\"> <h4  class=\"font-500\">DR Michel PARDOEN<\/h4> <p  class=\"small\" style=\"font-style: italic;\">UCL 1985<br >Maitre de stage<br ><br >Sur rendez-vous<br ><br >071\/34.43.34<br ><br >En cas d\u2019indisponibilit\u00e9, il vous est loisible de prendre rendez-vous avec mon assistante Dr. Aline Houba<\/p>  <a class=\"button blue\" href=\"https:\/\/prendre-mon-rdv.com\/dr-pardoen-michel\/medecin-generaliste\/charleroi\" target=\"_blank\" data-cp-link=\"1\" rel=\"noopener noreferrer\">Rendez-Vous<\/a><div  class=\"social-icons-group\" data-type=\"group\"> <a href=\"https:\/\/prendre-mon-rdv.com\/dr-pardoen-michel\/medecin-generaliste\/charleroi\" target=\"_blank\" rel=\"noopener noreferrer\" class=\"\" data-reiki-hidden=\"true\"><i  class=\"gray fa icon fa-arrow-right\"><\/i><\/a> <a href=\"#\" target=\"_self\" data-reiki-hidden=\"true\" rel=\"noopener noreferrer\"><i  class=\"gray fa icon fa-twitter-square\"><\/i><\/a> <a href=\"#\" target=\"_self\" data-reiki-hidden=\"true\" rel=\"noopener noreferrer\"><i  class=\"gray fa icon fa-linkedin-square\"><\/i><\/a> <a href=\"#\" target=\"_self\" data-reiki-hidden=\"true\" rel=\"noopener noreferrer\"><i  class=\"gray fa icon fa-google-plus-square\"><\/i><\/a><\/div><\/div><\/div> <\/div><\/div> <\/div><\/div><div  id=\"nos-actualites\" style=\"background-color: #f5fafd;\" data-label=\"Nos actualites\" data-id=\"blog-section\" data-export-id=\"blog-section\" data-category=\"latest_news\" class=\"blog-section blog-section-standard content-section content-section-spacing\"><div  class=\"gridContainer\"> <div  class=\"row\"><div  data-type=\"column\" class=\"section-title-col\"> <h2  class=\"\">Latest News<\/h2> <p  class=\"lead\">Lorem ipsum dolor sit amet, consectetur adipisicing elit, sed do eiusmod tempor incididunt ut labore et dolore magna aliqua. Ut enim ad minim veniam, quis nostrud exercitation ullamco laboris nisi ut aliquip ex ea commodo consequat.<\/p><\/div> <\/div> <div  class=\"row\"> <div  data-type=\"row\" data-dynamic-columns=\"handled\" data-content-shortcode=\"mesmerize_latest_news columns=&quot;4&quot; \">[mesmerize_latest_news columns=\u00a0\u00bb4&Prime;]<\/div><\/div> <div  class=\"row\"><div  class=\"text-center\"> <a  class=\"button color1\" data-attr-shortcode=\"href:mesmerize_blog_link\" href=\"[mesmerize_blog_link]\">SEE ALL BLOG POSTS<\/a><\/div> <\/div><\/div><\/div><div  id=\"contact-1\" data-label=\"Contact\" data-id=\"contact-1\" data-export-id=\"contact-1\" data-category=\"contact\" class=\"contact-1 content-section content-section-spacing white-text\" data-parallax-depth=\"20\"><div  class=\"gridContainer\"> <div  class=\"row text-center\"><div  class=\"section-title-col\" data-type=\"column\"> <h2  class=\"\">Contact us<\/h2> <p  class=\"lead\">With the Internet spreading linke wildfire and reaching every part of our daily life, more and more traffic is directed to websites in search for information.<\/p><\/div> <\/div> <div  class=\"row text-center\"> <div  class=\"col-xs-12 col-sm-8 col-sm-offset-2 contact-form-wrapper inline-info\"> <div  class=\"card large-padding\"> <div  class=\"\" data-content-shortcode=\"mesmerize_contact_form\" data-editable=\"true\">[mesmerize_contact_form]<\/div><\/div> <\/div><\/div> <\/div><\/div>[\/et_pb_text][\/et_pb_column]\n\t\t\t[\/et_pb_row]\n\t\t[\/et_pb_section]\n","protected":false},"excerpt":{"rendered":"<p>Reprise progressive des consultations depuis ce lundi 11 Mai Evidemment, quelques r\u00e8gles s\u2019appliquent : PORT D\u2019UN MASQUE OBLIGATOIRE POUR TOUS Un petit coup d\u2019hydrogel sur les mains est \u00e9galement appr\u00e9ci\u00e9 VENEZ&nbsp;\u00c0 VOTRE RENDEZ-VOUS&nbsp;\u00c0 L\u2019HEURE PR\u00c9CISE Ni trop t\u00f4t, ni trop tard PAS D\u2019ACCOMPAGNEMENT AUTORIS\u00c9 Sauf\u200b si personne ag\u00e9e ou handicap\u00e9e devant \u00eatre aid\u00e9e, et les [&hellip;]<\/p>\n","protected":false},"author":1,"featured_media":0,"parent":0,"menu_order":0,"comment_status":"closed","ping_status":"closed","template":"","meta":{"_et_pb_use_builder":"on","_et_pb_old_content":"<div  id=\"coronavirus\" style=\"background-color: #ffffff;\" data-label=\"Coronavirus\" data-id=\"content-2\" data-export-id=\"content-2\" data-category=\"content\" class=\"content-2 content-section content-section-spacing\"><div > <div  class=\"row middle-xs\"><div  class=\"col-sm-5 bg-image shadow-large-black\" data-bg=\"image\" style=\"background-image: url(&quot;http:\/\/centremedicalwattelar.be\/wp-content\/uploads\/2020\/05\/cropped-95bf864f21_50160108_coronavirus-sras-2019-ncov-differences-1.jpg&quot;);\"><\/div> <div  class=\"col-sm-7 full-col-left-padding full-col-right-padding\"> <div  class=\"row\"> <div  data-type=\"column\" class=\"space-bottom-small content-title-col\">  <h2  class=\"\">Reprise progressive des consultations depuis ce lundi 11 Mai<\/h2> <p  class=\"\">Evidemment, quelques r\u00e8gles s\u2019appliquent :<\/p><\/div> <\/div> <div  class=\"row spaced-cols \" data-type=\"row\"> <div  class=\"col-xs-6\" data-type=\"column\"> <h5  class=\"\">PORT D\u2019UN MASQUE OBLIGATOIRE POUR TOUS<\/h5> <p  class=\"\">Un petit coup d\u2019hydrogel sur les mains est \u00e9galement appr\u00e9ci\u00e9<\/p><\/div> <div  class=\"col-xs-6\" data-type=\"column\"><h5  class=\"\">VENEZ&nbsp;\u00c0 VOTRE RENDEZ-VOUS&nbsp;\u00c0 L\u2019HEURE PR\u00c9CISE<\/h5> <p  class=\"\">Ni trop t\u00f4t, ni trop tard<\/p><\/div> <div  class=\"col-xs-6\" data-type=\"column\"><h5  class=\"\">PAS D\u2019ACCOMPAGNEMENT AUTORIS\u00c9<\/h5> <p  class=\"\">Sauf\u200b si personne ag\u00e9e ou handicap\u00e9e devant \u00eatre aid\u00e9e, et les enfants. Un seul parent et un seul enfant \u00e0 la fois en&nbsp;salle d\u2019attente<\/p><\/div> <div  class=\"col-xs-6\" data-type=\"column\"><h5  class=\"\">6 CHAISES DANS CHACUNE DES 2 SALLES D\u2019ATTENTE<\/h5> <p  class=\"\">Si toutes les places assises sont occup\u00e9es, allez attendre dehors ou dans la bvoiture et rentrez d\u00e8s que des places s elob\u00e8rent (ou laissez un num\u00e9ro de GSM au secr\u00e9tariat pour qu\u2019on vous appelle)\u200b<\/p><\/div> <\/div><\/div> <\/div><\/div> <\/div><div  id=\"team-2\" style=\"background-color: rgb(245, 250, 253); background-image: none;\" data-label=\"Team\" data-id=\"team-2\" data-export-id=\"team-2\" data-category=\"team\" class=\"team-2 content-section content-section-spacing\"><div  class=\"gridContainer\"> <div  class=\"row text-center\"><div  class=\"section-title-col\" data-type=\"column\"> <h2  class=\"\">Prendre rendez-vous<\/h2> <\/div> <\/div> <div  class=\"row spaced-cols content-center-sm\" data-type=\"row\"> <div  class=\"col-sm-6 col-md-3\"> <div  class=\"card y-move no-padding bordered\"> <a data-cp-link=\"1\" href=\"#\" ><img  class=\"face\" src=\"http:\/\/centremedicalwattelar.be\/wp-content\/uploads\/2020\/05\/cropped-Michel-Pardoen-1.jpg\" alt=\"\" title=\"cropped-Michel-Pardoen.jpg\"><\/a> <div  data-type=\"column\" class=\"col-padding-small col-padding-small-xs description-container\"> <h4  class=\"font-500\">DR Michel PARDOEN\n<br ><\/h4> <h6 class=\"\" >M\u00e9decine g\u00e9n\u00e9rale<\/h6><p  class=\"\">UCL 1985\n<br >Maitre de stage\n<br >Sur rendez-vous\n<br >071\/34.43.34<\/p><p  class=\"small\" style=\"font-style: italic;\">En cas d\u2019indisponibilit\u00e9, il vous est loisible de prendre rendez-vous avec mon assistante Dr. Aline Houba<\/p>  <a class=\"button blue\" href=\"https:\/\/prendre-mon-rdv.com\/dr-pardoen-michel\/medecin-generaliste\/charleroi\" target=\"_blank\" data-cp-link=\"1\" rel=\"noopener noreferrer\">Rendez-Vous<\/a><div  class=\"social-icons-group\" data-type=\"group\"> <a href=\"https:\/\/prendre-mon-rdv.com\/dr-pardoen-michel\/medecin-generaliste\/charleroi\" target=\"_blank\" rel=\"noopener noreferrer\" class=\"\" data-reiki-hidden=\"true\"><i  class=\"gray fa icon fa-arrow-right\"><\/i><\/a> <a href=\"#\" target=\"_self\" data-reiki-hidden=\"true\" rel=\"noopener noreferrer\"><i  class=\"gray fa icon fa-twitter-square\"><\/i><\/a> <a href=\"#\" target=\"_self\" data-reiki-hidden=\"true\" rel=\"noopener noreferrer\"><i  class=\"gray fa icon fa-linkedin-square\"><\/i><\/a> <a href=\"#\" target=\"_self\" data-reiki-hidden=\"true\" rel=\"noopener noreferrer\"><i  class=\"gray fa icon fa-google-plus-square\"><\/i><\/a><\/div><\/div><\/div> <\/div> <div  class=\"col-sm-6 col-md-3\"> <div  class=\"card y-move no-padding bordered\"> <img  class=\"face\" src=\"http:\/\/centremedicalwattelar.be\/wp-content\/uploads\/2020\/05\/cropped-Gustave-Mossi.jpg\" alt=\"\" title=\"cropped-Gustave-Mossi.jpg\"> <div  data-type=\"column\" class=\"col-padding-small col-padding-small-xs description-container\"> <h4  class=\"font-500\">DR Gustave MOSSI WANSE<\/h4> <h6 class=\"\" >M\u00e9decine g\u00e9n\u00e9rale<\/h6><p  class=\"\">Sur rendez-vous\n<br >071\/34.43.34 ou 0474\/50.67.66<\/p><p  class=\"small\" style=\"font-style: italic;\">Petite chirurgie : prenez rendez-vous avant pour pr\u00e9senter le probl\u00e8me\n<br ><br ><\/p> <div  class=\"social-icons-group\" data-type=\"group\"> <a href=\"#\" target=\"_self\" data-reiki-hidden=\"true\" rel=\"noopener noreferrer\"><i  class=\"gray fa icon fa-facebook-square\"><\/i><\/a> <a href=\"#\" target=\"_self\" data-reiki-hidden=\"true\" rel=\"noopener noreferrer\"><i  class=\"gray fa icon fa-twitter-square\"><\/i><\/a> <a href=\"#\" target=\"_self\" data-reiki-hidden=\"true\" rel=\"noopener noreferrer\"><i  class=\"gray fa icon fa-linkedin-square\"><\/i><\/a> <a href=\"#\" target=\"_self\" data-reiki-hidden=\"true\" rel=\"noopener noreferrer\"><i  class=\"gray fa icon fa-google-plus-square\"><\/i><\/a><\/div> <a class=\"button blue\" href=\"https:\/\/prendre-mon-rdv.com\/dr-mossi-gustave\/medecin-generaliste\/charleroi\" target=\"_blank\" data-cp-link=\"1\" rel=\"noopener noreferrer\">Rendez-Vous<\/a><\/div><\/div> <\/div> <div  class=\"col-sm-6 col-md-3\"> <div  class=\"card y-move no-padding bordered\"> <img  class=\"face\" src=\"http:\/\/centremedicalwattelar.be\/wp-content\/uploads\/2020\/05\/cropped-Thierry-Steineir.jpg\" alt=\"\" title=\"cropped-Thierry-Steineir.jpg\"> <div  data-type=\"column\" class=\"col-padding-small col-padding-small-xs description-container\"> <h4  class=\"font-500\">DR Thierry STEINIER\n<br ><\/h4> <h6 class=\"\" >M\u00e9decine g\u00e9n\u00e9rale<\/h6><p  class=\"\">UCL 1987\n<br >Agr\u00e9\u00e9 Police et arm\u00e9e\n<br >sur rendez-vous\n<br >071\/35.64.11\n<br ><br >\n<br ><\/p> <div  class=\"social-icons-group\" data-type=\"group\"> <a href=\"#\" target=\"_self\" data-reiki-hidden=\"true\" rel=\"noopener noreferrer\"><i  class=\"gray fa icon fa-facebook-square\"><\/i><\/a> <a href=\"#\" target=\"_self\" data-reiki-hidden=\"true\" rel=\"noopener noreferrer\"><i  class=\"gray fa icon fa-twitter-square\"><\/i><\/a> <a href=\"#\" target=\"_self\" data-reiki-hidden=\"true\" rel=\"noopener noreferrer\"><i  class=\"gray fa icon fa-linkedin-square\"><\/i><\/a> <a href=\"#\" target=\"_self\" data-reiki-hidden=\"true\" rel=\"noopener noreferrer\"><i  class=\"gray fa icon fa-google-plus-square\"><\/i><\/a><\/div> <a class=\"button blue\" href=\"https:\/\/prendre-mon-rdv.com\/docteur-thierry-steinier\/medecin-generaliste\/jumet\" target=\"_blank\" data-cp-link=\"1\" rel=\"noopener noreferrer\">Rendez-Vous<\/a><\/div><\/div> <\/div> <div  class=\"col-sm-6 col-md-3\"> <div  class=\"card y-move no-padding bordered\"> <img  class=\"face\" src=\"http:\/\/centremedicalwattelar.be\/wp-content\/uploads\/2020\/05\/cropped-unnamed-1.jpg\" alt=\"\" title=\"cropped-unnamed-1.jpg\"> <div  data-type=\"column\" class=\"col-padding-small col-padding-small-xs description-container\"> <h4  class=\"font-500\">DR Aline HOUBA\n<br ><\/h4> <h6 class=\"\" >M\u00e9decine g\u00e9n\u00e9rale\n<\/h6> <div  class=\"social-icons-group\" data-type=\"group\"> <a href=\"#\" target=\"_self\" data-reiki-hidden=\"true\" rel=\"noopener noreferrer\"><i  class=\"gray fa icon fa-facebook-square\"><\/i><\/a> <a href=\"#\" target=\"_self\" data-reiki-hidden=\"true\" rel=\"noopener noreferrer\"><i  class=\"gray fa icon fa-twitter-square\"><\/i><\/a> <a href=\"#\" target=\"_self\" data-reiki-hidden=\"true\" rel=\"noopener noreferrer\"><i  class=\"gray fa icon fa-linkedin-square\"><\/i><\/a> <a href=\"#\" target=\"_self\" data-reiki-hidden=\"true\" rel=\"noopener noreferrer\"><i  class=\"gray fa icon fa-google-plus-square\"><\/i><\/a><\/div> <p  class=\"\">Assistante du Dr Michel Pardoen\n<br >0470\/84.35.24\n<br ><br >\n<br ><br ><\/p><a class=\"button blue\" href=\"https:\/\/prendre-mon-rdv.com\/dr-houba-aline\/medecin-generaliste\/charleroi\" target=\"_blank\" data-cp-link=\"1\" rel=\"noopener noreferrer\">Rendez-Vous<\/a><\/div><\/div> <\/div>    <div  class=\"col-sm-6 col-md-3\"> <div  class=\"card y-move no-padding bordered\"> <img  class=\"face\" src=\"http:\/\/centremedicalwattelar.be\/wp-content\/uploads\/2020\/05\/cropped-damien-badot.jpg\" alt=\"\" title=\"cropped-Michel-Pardoen.jpg\"> <div  data-type=\"column\" class=\"col-padding-small col-padding-small-xs description-container\"> <h4  class=\"font-500\">DR Damien BADOT\n<br ><\/h4> <h6 class=\"\" >Cardiologie\n<\/h6><p  class=\"small\" style=\"font-style: italic;\">UCL 1985<br >Maitre de stage<br ><br >Sur rendez-vous<br ><br >071\/34.43.34<br ><br >En cas d\u2019indisponibilit\u00e9, il vous est loisible de prendre rendez-vous avec mon assistante Dr. Aline Houba<\/p>  <a class=\"button blue\" href=\"https:\/\/prendre-mon-rdv.com\/dr-pardoen-michel\/medecin-generaliste\/charleroi\" target=\"_blank\" data-cp-link=\"1\" rel=\"noopener noreferrer\">Rendez-Vous<\/a><div  class=\"social-icons-group\" data-type=\"group\"> <a href=\"https:\/\/prendre-mon-rdv.com\/dr-pardoen-michel\/medecin-generaliste\/charleroi\" target=\"_blank\" rel=\"noopener noreferrer\" class=\"\" data-reiki-hidden=\"true\"><i  class=\"gray fa icon fa-arrow-right\"><\/i><\/a> <a href=\"#\" target=\"_self\" data-reiki-hidden=\"true\" rel=\"noopener noreferrer\"><i  class=\"gray fa icon fa-twitter-square\"><\/i><\/a> <a href=\"#\" target=\"_self\" data-reiki-hidden=\"true\" rel=\"noopener noreferrer\"><i  class=\"gray fa icon fa-linkedin-square\"><\/i><\/a> <a href=\"#\" target=\"_self\" data-reiki-hidden=\"true\" rel=\"noopener noreferrer\"><i  class=\"gray fa icon fa-google-plus-square\"><\/i><\/a><\/div><\/div><\/div> <\/div><div  class=\"col-sm-6 col-md-3\"> <div  class=\"card y-move no-padding bordered\"> <img  class=\"face\" src=\"http:\/\/centremedicalwattelar.be\/wp-content\/uploads\/2020\/05\/cropped-Michel-Pardoen.jpg\" alt=\"\" title=\"cropped-Michel-Pardoen.jpg\"> <div  data-type=\"column\" class=\"col-padding-small col-padding-small-xs description-container\"> <h4  class=\"font-500\">DR Michel PARDOEN<\/h4> <p  class=\"small\" style=\"font-style: italic;\">UCL 1985<br >Maitre de stage<br ><br >Sur rendez-vous<br ><br >071\/34.43.34<br ><br >En cas d\u2019indisponibilit\u00e9, il vous est loisible de prendre rendez-vous avec mon assistante Dr. Aline Houba<\/p>  <a class=\"button blue\" href=\"https:\/\/prendre-mon-rdv.com\/dr-pardoen-michel\/medecin-generaliste\/charleroi\" target=\"_blank\" data-cp-link=\"1\" rel=\"noopener noreferrer\">Rendez-Vous<\/a><div  class=\"social-icons-group\" data-type=\"group\"> <a href=\"https:\/\/prendre-mon-rdv.com\/dr-pardoen-michel\/medecin-generaliste\/charleroi\" target=\"_blank\" rel=\"noopener noreferrer\" class=\"\" data-reiki-hidden=\"true\"><i  class=\"gray fa icon fa-arrow-right\"><\/i><\/a> <a href=\"#\" target=\"_self\" data-reiki-hidden=\"true\" rel=\"noopener noreferrer\"><i  class=\"gray fa icon fa-twitter-square\"><\/i><\/a> <a href=\"#\" target=\"_self\" data-reiki-hidden=\"true\" rel=\"noopener noreferrer\"><i  class=\"gray fa icon fa-linkedin-square\"><\/i><\/a> <a href=\"#\" target=\"_self\" data-reiki-hidden=\"true\" rel=\"noopener noreferrer\"><i  class=\"gray fa icon fa-google-plus-square\"><\/i><\/a><\/div><\/div><\/div> <\/div><div  class=\"col-sm-6 col-md-3\"> <div  class=\"card y-move no-padding bordered\"> <img  class=\"face\" src=\"http:\/\/centremedicalwattelar.be\/wp-content\/uploads\/2020\/05\/cropped-Michel-Pardoen.jpg\" alt=\"\" title=\"cropped-Michel-Pardoen.jpg\"> <div  data-type=\"column\" class=\"col-padding-small col-padding-small-xs description-container\"> <h4  class=\"font-500\">DR Michel PARDOEN<\/h4> <p  class=\"small\" style=\"font-style: italic;\">UCL 1985<br >Maitre de stage<br ><br >Sur rendez-vous<br ><br >071\/34.43.34<br ><br >En cas d\u2019indisponibilit\u00e9, il vous est loisible de prendre rendez-vous avec mon assistante Dr. Aline Houba<\/p>  <a class=\"button blue\" href=\"https:\/\/prendre-mon-rdv.com\/dr-pardoen-michel\/medecin-generaliste\/charleroi\" target=\"_blank\" data-cp-link=\"1\" rel=\"noopener noreferrer\">Rendez-Vous<\/a><div  class=\"social-icons-group\" data-type=\"group\"> <a href=\"https:\/\/prendre-mon-rdv.com\/dr-pardoen-michel\/medecin-generaliste\/charleroi\" target=\"_blank\" rel=\"noopener noreferrer\" class=\"\" data-reiki-hidden=\"true\"><i  class=\"gray fa icon fa-arrow-right\"><\/i><\/a> <a href=\"#\" target=\"_self\" data-reiki-hidden=\"true\" rel=\"noopener noreferrer\"><i  class=\"gray fa icon fa-twitter-square\"><\/i><\/a> <a href=\"#\" target=\"_self\" data-reiki-hidden=\"true\" rel=\"noopener noreferrer\"><i  class=\"gray fa icon fa-linkedin-square\"><\/i><\/a> <a href=\"#\" target=\"_self\" data-reiki-hidden=\"true\" rel=\"noopener noreferrer\"><i  class=\"gray fa icon fa-google-plus-square\"><\/i><\/a><\/div><\/div><\/div> <\/div><div  class=\"col-sm-6 col-md-3\"> <div  class=\"card y-move no-padding bordered\"> <img  class=\"face\" src=\"http:\/\/centremedicalwattelar.be\/wp-content\/uploads\/2020\/05\/cropped-Michel-Pardoen.jpg\" alt=\"\" title=\"cropped-Michel-Pardoen.jpg\"> <div  data-type=\"column\" class=\"col-padding-small col-padding-small-xs description-container\"> <h4  class=\"font-500\">DR Michel PARDOEN<\/h4> <p  class=\"small\" style=\"font-style: italic;\">UCL 1985<br >Maitre de stage<br ><br >Sur rendez-vous<br ><br >071\/34.43.34<br ><br >En cas d\u2019indisponibilit\u00e9, il vous est loisible de prendre rendez-vous avec mon assistante Dr. Aline Houba<\/p>  <a class=\"button blue\" href=\"https:\/\/prendre-mon-rdv.com\/dr-pardoen-michel\/medecin-generaliste\/charleroi\" target=\"_blank\" data-cp-link=\"1\" rel=\"noopener noreferrer\">Rendez-Vous<\/a><div  class=\"social-icons-group\" data-type=\"group\"> <a href=\"https:\/\/prendre-mon-rdv.com\/dr-pardoen-michel\/medecin-generaliste\/charleroi\" target=\"_blank\" rel=\"noopener noreferrer\" class=\"\" data-reiki-hidden=\"true\"><i  class=\"gray fa icon fa-arrow-right\"><\/i><\/a> <a href=\"#\" target=\"_self\" data-reiki-hidden=\"true\" rel=\"noopener noreferrer\"><i  class=\"gray fa icon fa-twitter-square\"><\/i><\/a> <a href=\"#\" target=\"_self\" data-reiki-hidden=\"true\" rel=\"noopener noreferrer\"><i  class=\"gray fa icon fa-linkedin-square\"><\/i><\/a> <a href=\"#\" target=\"_self\" data-reiki-hidden=\"true\" rel=\"noopener noreferrer\"><i  class=\"gray fa icon fa-google-plus-square\"><\/i><\/a><\/div><\/div><\/div> <\/div><div  class=\"col-sm-6 col-md-3\"> <div  class=\"card y-move no-padding bordered\"> <img  class=\"face\" src=\"http:\/\/centremedicalwattelar.be\/wp-content\/uploads\/2020\/05\/cropped-Michel-Pardoen.jpg\" alt=\"\" title=\"cropped-Michel-Pardoen.jpg\"> <div  data-type=\"column\" class=\"col-padding-small col-padding-small-xs description-container\"> <h4  class=\"font-500\">DR Michel PARDOEN<\/h4> <p  class=\"small\" style=\"font-style: italic;\">UCL 1985<br >Maitre de stage<br ><br >Sur rendez-vous<br ><br >071\/34.43.34<br ><br >En cas d\u2019indisponibilit\u00e9, il vous est loisible de prendre rendez-vous avec mon assistante Dr. Aline Houba<\/p>  <a class=\"button blue\" href=\"https:\/\/prendre-mon-rdv.com\/dr-pardoen-michel\/medecin-generaliste\/charleroi\" target=\"_blank\" data-cp-link=\"1\" rel=\"noopener noreferrer\">Rendez-Vous<\/a><div  class=\"social-icons-group\" data-type=\"group\"> <a href=\"https:\/\/prendre-mon-rdv.com\/dr-pardoen-michel\/medecin-generaliste\/charleroi\" target=\"_blank\" rel=\"noopener noreferrer\" class=\"\" data-reiki-hidden=\"true\"><i  class=\"gray fa icon fa-arrow-right\"><\/i><\/a> <a href=\"#\" target=\"_self\" data-reiki-hidden=\"true\" rel=\"noopener noreferrer\"><i  class=\"gray fa icon fa-twitter-square\"><\/i><\/a> <a href=\"#\" target=\"_self\" data-reiki-hidden=\"true\" rel=\"noopener noreferrer\"><i  class=\"gray fa icon fa-linkedin-square\"><\/i><\/a> <a href=\"#\" target=\"_self\" data-reiki-hidden=\"true\" rel=\"noopener noreferrer\"><i  class=\"gray fa icon fa-google-plus-square\"><\/i><\/a><\/div><\/div><\/div> <\/div><div  class=\"col-sm-6 col-md-3\"> <div  class=\"card y-move no-padding bordered\"> <img  class=\"face\" src=\"http:\/\/centremedicalwattelar.be\/wp-content\/uploads\/2020\/05\/cropped-Michel-Pardoen.jpg\" alt=\"\" title=\"cropped-Michel-Pardoen.jpg\"> <div  data-type=\"column\" class=\"col-padding-small col-padding-small-xs description-container\"> <h4  class=\"font-500\">DR Michel PARDOEN<\/h4> <p  class=\"small\" style=\"font-style: italic;\">UCL 1985<br >Maitre de stage<br ><br >Sur rendez-vous<br ><br >071\/34.43.34<br ><br >En cas d\u2019indisponibilit\u00e9, il vous est loisible de prendre rendez-vous avec mon assistante Dr. Aline Houba<\/p>  <a class=\"button blue\" href=\"https:\/\/prendre-mon-rdv.com\/dr-pardoen-michel\/medecin-generaliste\/charleroi\" target=\"_blank\" data-cp-link=\"1\" rel=\"noopener noreferrer\">Rendez-Vous<\/a><div  class=\"social-icons-group\" data-type=\"group\"> <a href=\"https:\/\/prendre-mon-rdv.com\/dr-pardoen-michel\/medecin-generaliste\/charleroi\" target=\"_blank\" rel=\"noopener noreferrer\" class=\"\" data-reiki-hidden=\"true\"><i  class=\"gray fa icon fa-arrow-right\"><\/i><\/a> <a href=\"#\" target=\"_self\" data-reiki-hidden=\"true\" rel=\"noopener noreferrer\"><i  class=\"gray fa icon fa-twitter-square\"><\/i><\/a> <a href=\"#\" target=\"_self\" data-reiki-hidden=\"true\" rel=\"noopener noreferrer\"><i  class=\"gray fa icon fa-linkedin-square\"><\/i><\/a> <a href=\"#\" target=\"_self\" data-reiki-hidden=\"true\" rel=\"noopener noreferrer\"><i  class=\"gray fa icon fa-google-plus-square\"><\/i><\/a><\/div><\/div><\/div> <\/div><div  class=\"col-sm-6 col-md-3\"> <div  class=\"card y-move no-padding bordered\"> <img  class=\"face\" src=\"http:\/\/centremedicalwattelar.be\/wp-content\/uploads\/2020\/05\/cropped-Michel-Pardoen.jpg\" alt=\"\" title=\"cropped-Michel-Pardoen.jpg\"> <div  data-type=\"column\" class=\"col-padding-small col-padding-small-xs description-container\"> <h4  class=\"font-500\">DR Michel PARDOEN<\/h4> <p  class=\"small\" style=\"font-style: italic;\">UCL 1985<br >Maitre de stage<br ><br >Sur rendez-vous<br ><br >071\/34.43.34<br ><br >En cas d\u2019indisponibilit\u00e9, il vous est loisible de prendre rendez-vous avec mon assistante Dr. Aline Houba<\/p>  <a class=\"button blue\" href=\"https:\/\/prendre-mon-rdv.com\/dr-pardoen-michel\/medecin-generaliste\/charleroi\" target=\"_blank\" data-cp-link=\"1\" rel=\"noopener noreferrer\">Rendez-Vous<\/a><div  class=\"social-icons-group\" data-type=\"group\"> <a href=\"https:\/\/prendre-mon-rdv.com\/dr-pardoen-michel\/medecin-generaliste\/charleroi\" target=\"_blank\" rel=\"noopener noreferrer\" class=\"\" data-reiki-hidden=\"true\"><i  class=\"gray fa icon fa-arrow-right\"><\/i><\/a> <a href=\"#\" target=\"_self\" data-reiki-hidden=\"true\" rel=\"noopener noreferrer\"><i  class=\"gray fa icon fa-twitter-square\"><\/i><\/a> <a href=\"#\" target=\"_self\" data-reiki-hidden=\"true\" rel=\"noopener noreferrer\"><i  class=\"gray fa icon fa-linkedin-square\"><\/i><\/a> <a href=\"#\" target=\"_self\" data-reiki-hidden=\"true\" rel=\"noopener noreferrer\"><i  class=\"gray fa icon fa-google-plus-square\"><\/i><\/a><\/div><\/div><\/div> <\/div><div  class=\"col-sm-6 col-md-3\"> <div  class=\"card y-move no-padding bordered\"> <img  class=\"face\" src=\"http:\/\/centremedicalwattelar.be\/wp-content\/uploads\/2020\/05\/cropped-Michel-Pardoen.jpg\" alt=\"\" title=\"cropped-Michel-Pardoen.jpg\"> <div  data-type=\"column\" class=\"col-padding-small col-padding-small-xs description-container\"> <h4  class=\"font-500\">DR Michel PARDOEN<\/h4> <p  class=\"small\" style=\"font-style: italic;\">UCL 1985<br >Maitre de stage<br ><br >Sur rendez-vous<br ><br >071\/34.43.34<br ><br >En cas d\u2019indisponibilit\u00e9, il vous est loisible de prendre rendez-vous avec mon assistante Dr. Aline Houba<\/p>  <a class=\"button blue\" href=\"https:\/\/prendre-mon-rdv.com\/dr-pardoen-michel\/medecin-generaliste\/charleroi\" target=\"_blank\" data-cp-link=\"1\" rel=\"noopener noreferrer\">Rendez-Vous<\/a><div  class=\"social-icons-group\" data-type=\"group\"> <a href=\"https:\/\/prendre-mon-rdv.com\/dr-pardoen-michel\/medecin-generaliste\/charleroi\" target=\"_blank\" rel=\"noopener noreferrer\" class=\"\" data-reiki-hidden=\"true\"><i  class=\"gray fa icon fa-arrow-right\"><\/i><\/a> <a href=\"#\" target=\"_self\" data-reiki-hidden=\"true\" rel=\"noopener noreferrer\"><i  class=\"gray fa icon fa-twitter-square\"><\/i><\/a> <a href=\"#\" target=\"_self\" data-reiki-hidden=\"true\" rel=\"noopener noreferrer\"><i  class=\"gray fa icon fa-linkedin-square\"><\/i><\/a> <a href=\"#\" target=\"_self\" data-reiki-hidden=\"true\" rel=\"noopener noreferrer\"><i  class=\"gray fa icon fa-google-plus-square\"><\/i><\/a><\/div><\/div><\/div> <\/div><div  class=\"col-sm-6 col-md-3\"> <div  class=\"card y-move no-padding bordered\"> <a data-cp-link=\"1\" href=\"https:\/\/prendre-mon-rdv.com\/dr-pardoen-michel\/medecin-generaliste\/charleroi\" target=\"_blank\" rel=\"noopener noreferrer\" class=\"\"><img  class=\"face\" src=\"http:\/\/centremedicalwattelar.be\/wp-content\/uploads\/2020\/05\/cropped-Michel-Pardoen.jpg\" alt=\"\" title=\"cropped-Michel-Pardoen.jpg\"><\/a> <div  data-type=\"column\" class=\"col-padding-small col-padding-small-xs description-container\"> <h4  class=\"font-500\">DR Michel PARDOEN<\/h4> <p  class=\"small\" style=\"font-style: italic;\">UCL 1985<br >Maitre de stage<br ><br >Sur rendez-vous<br ><br >071\/34.43.34<br ><br >En cas d\u2019indisponibilit\u00e9, il vous est loisible de prendre rendez-vous avec mon assistante Dr. Aline Houba<\/p>  <a class=\"button blue\" href=\"https:\/\/prendre-mon-rdv.com\/dr-pardoen-michel\/medecin-generaliste\/charleroi\" target=\"_blank\" data-cp-link=\"1\" rel=\"noopener noreferrer\">Rendez-Vous<\/a><div  class=\"social-icons-group\" data-type=\"group\"> <a href=\"https:\/\/prendre-mon-rdv.com\/dr-pardoen-michel\/medecin-generaliste\/charleroi\" target=\"_blank\" rel=\"noopener noreferrer\" class=\"\" data-reiki-hidden=\"true\"><i  class=\"gray fa icon fa-arrow-right\"><\/i><\/a> <a href=\"#\" target=\"_self\" data-reiki-hidden=\"true\" rel=\"noopener noreferrer\"><i  class=\"gray fa icon fa-twitter-square\"><\/i><\/a> <a href=\"#\" target=\"_self\" data-reiki-hidden=\"true\" rel=\"noopener noreferrer\"><i  class=\"gray fa icon fa-linkedin-square\"><\/i><\/a> <a href=\"#\" target=\"_self\" data-reiki-hidden=\"true\" rel=\"noopener noreferrer\"><i  class=\"gray fa icon fa-google-plus-square\"><\/i><\/a><\/div><\/div><\/div> <\/div><\/div> <\/div><\/div><div  id=\"nos-actualites\" style=\"background-color: #f5fafd;\" data-label=\"Nos actualites\" data-id=\"blog-section\" data-export-id=\"blog-section\" data-category=\"latest_news\" class=\"blog-section blog-section-standard content-section content-section-spacing\"><div  class=\"gridContainer\"> <div  class=\"row\"><div  data-type=\"column\" class=\"section-title-col\"> <h2  class=\"\">Latest News<\/h2> <p  class=\"lead\">Lorem ipsum dolor sit amet, consectetur adipisicing elit, sed do eiusmod tempor incididunt ut labore et dolore magna aliqua. Ut enim ad minim veniam, quis nostrud exercitation ullamco laboris nisi ut aliquip ex ea commodo consequat.<\/p><\/div> <\/div> <div  class=\"row\"> <div  data-type=\"row\" data-dynamic-columns=\"handled\" data-content-shortcode=\"mesmerize_latest_news columns=&quot;4&quot; \">[mesmerize_latest_news columns=\"4\"]<\/div><\/div> <div  class=\"row\"><div  class=\"text-center\"> <a  class=\"button color1\" data-attr-shortcode=\"href:mesmerize_blog_link\" href=\"[mesmerize_blog_link]\">SEE ALL BLOG POSTS<\/a><\/div> <\/div><\/div><\/div><div  id=\"contact-1\" data-label=\"Contact\" data-id=\"contact-1\" data-export-id=\"contact-1\" data-category=\"contact\" class=\"contact-1 content-section content-section-spacing white-text\" data-parallax-depth=\"20\"><div  class=\"gridContainer\"> <div  class=\"row text-center\"><div  class=\"section-title-col\" data-type=\"column\"> <h2  class=\"\">Contact us<\/h2> <p  class=\"lead\">With the Internet spreading linke wildfire and reaching every part of our daily life, more and more traffic is directed to websites in search for information.<\/p><\/div> <\/div> <div  class=\"row text-center\"> <div  class=\"col-xs-12 col-sm-8 col-sm-offset-2 contact-form-wrapper inline-info\"> <div  class=\"card large-padding\"> <div  class=\"\" data-content-shortcode=\"mesmerize_contact_form\" data-editable=\"true\">[mesmerize_contact_form]<\/div><\/div> <\/div><\/div> <\/div><\/div>","_et_gb_content_width":"","footnotes":""},"class_list":["post-16","page","type-page","status-publish","hentry"],"yoast_head":"<!-- This site is optimized with the Yoast SEO plugin v27.5 - https:\/\/yoast.com\/product\/yoast-seo-wordpress\/ -->\n<title>accueil - Centre M\u00e9dical Wattelar<\/title>\n<meta name=\"robots\" content=\"index, follow, max-snippet:-1, max-image-preview:large, max-video-preview:-1\" \/>\n<link rel=\"canonical\" href=\"https:\/\/centremedicalwattelar.be\/\" \/>\n<meta property=\"og:locale\" content=\"fr_FR\" \/>\n<meta property=\"og:type\" content=\"article\" \/>\n<meta property=\"og:title\" content=\"accueil - Centre M\u00e9dical Wattelar\" \/>\n<meta property=\"og:description\" content=\"Reprise progressive des consultations depuis ce lundi 11 Mai Evidemment, quelques r\u00e8gles s\u2019appliquent : PORT D\u2019UN MASQUE OBLIGATOIRE POUR TOUS Un petit coup d\u2019hydrogel sur les mains est \u00e9galement appr\u00e9ci\u00e9 VENEZ&nbsp;\u00c0 VOTRE RENDEZ-VOUS&nbsp;\u00c0 L\u2019HEURE PR\u00c9CISE Ni trop t\u00f4t, ni trop tard PAS D\u2019ACCOMPAGNEMENT AUTORIS\u00c9 Sauf\u200b si personne ag\u00e9e ou handicap\u00e9e devant \u00eatre aid\u00e9e, et les [&hellip;]\" \/>\n<meta property=\"og:url\" content=\"https:\/\/centremedicalwattelar.be\/\" \/>\n<meta property=\"og:site_name\" content=\"Centre M\u00e9dical Wattelar\" \/>\n<meta property=\"article:modified_time\" content=\"2020-06-22T12:29:07+00:00\" \/>\n<meta property=\"og:image\" content=\"http:\/\/centremedicalwattelar.be\/wp-content\/uploads\/2020\/05\/cropped-Michel-Pardoen-1.jpg\" \/>\n<meta name=\"twitter:card\" content=\"summary_large_image\" \/>\n<meta name=\"twitter:label1\" content=\"Dur\u00e9e de lecture estim\u00e9e\" \/>\n\t<meta name=\"twitter:data1\" content=\"3 minutes\" \/>\n<script type=\"application\/ld+json\" class=\"yoast-schema-graph\">{\"@context\":\"https:\\\/\\\/schema.org\",\"@graph\":[{\"@type\":\"WebPage\",\"@id\":\"https:\\\/\\\/centremedicalwattelar.be\\\/\",\"url\":\"https:\\\/\\\/centremedicalwattelar.be\\\/\",\"name\":\"accueil - Centre M\u00e9dical Wattelar\",\"isPartOf\":{\"@id\":\"https:\\\/\\\/centremedicalwattelar.be\\\/#website\"},\"primaryImageOfPage\":{\"@id\":\"https:\\\/\\\/centremedicalwattelar.be\\\/#primaryimage\"},\"image\":{\"@id\":\"https:\\\/\\\/centremedicalwattelar.be\\\/#primaryimage\"},\"thumbnailUrl\":\"http:\\\/\\\/centremedicalwattelar.be\\\/wp-content\\\/uploads\\\/2020\\\/05\\\/cropped-Michel-Pardoen-1.jpg\",\"datePublished\":\"2020-05-22T08:22:00+00:00\",\"dateModified\":\"2020-06-22T12:29:07+00:00\",\"breadcrumb\":{\"@id\":\"https:\\\/\\\/centremedicalwattelar.be\\\/#breadcrumb\"},\"inLanguage\":\"fr-FR\",\"potentialAction\":[{\"@type\":\"ReadAction\",\"target\":[\"https:\\\/\\\/centremedicalwattelar.be\\\/\"]}]},{\"@type\":\"ImageObject\",\"inLanguage\":\"fr-FR\",\"@id\":\"https:\\\/\\\/centremedicalwattelar.be\\\/#primaryimage\",\"url\":\"http:\\\/\\\/centremedicalwattelar.be\\\/wp-content\\\/uploads\\\/2020\\\/05\\\/cropped-Michel-Pardoen-1.jpg\",\"contentUrl\":\"http:\\\/\\\/centremedicalwattelar.be\\\/wp-content\\\/uploads\\\/2020\\\/05\\\/cropped-Michel-Pardoen-1.jpg\"},{\"@type\":\"BreadcrumbList\",\"@id\":\"https:\\\/\\\/centremedicalwattelar.be\\\/#breadcrumb\",\"itemListElement\":[{\"@type\":\"ListItem\",\"position\":1,\"name\":\"Accueil\",\"item\":\"https:\\\/\\\/centremedicalwattelar.be\\\/\"},{\"@type\":\"ListItem\",\"position\":2,\"name\":\"accueil\"}]},{\"@type\":\"WebSite\",\"@id\":\"https:\\\/\\\/centremedicalwattelar.be\\\/#website\",\"url\":\"https:\\\/\\\/centremedicalwattelar.be\\\/\",\"name\":\"Centre M\u00e9dical Wattelar\",\"description\":\"\",\"publisher\":{\"@id\":\"https:\\\/\\\/centremedicalwattelar.be\\\/#organization\"},\"potentialAction\":[{\"@type\":\"SearchAction\",\"target\":{\"@type\":\"EntryPoint\",\"urlTemplate\":\"https:\\\/\\\/centremedicalwattelar.be\\\/?s={search_term_string}\"},\"query-input\":{\"@type\":\"PropertyValueSpecification\",\"valueRequired\":true,\"valueName\":\"search_term_string\"}}],\"inLanguage\":\"fr-FR\"},{\"@type\":\"Organization\",\"@id\":\"https:\\\/\\\/centremedicalwattelar.be\\\/#organization\",\"name\":\"centre m\u00e9dical Wattelar\",\"url\":\"https:\\\/\\\/centremedicalwattelar.be\\\/\",\"logo\":{\"@type\":\"ImageObject\",\"inLanguage\":\"fr-FR\",\"@id\":\"https:\\\/\\\/centremedicalwattelar.be\\\/#\\\/schema\\\/logo\\\/image\\\/\",\"url\":\"https:\\\/\\\/centremedicalwattelar.be\\\/wp-content\\\/uploads\\\/2020\\\/05\\\/batiment.jpg\",\"contentUrl\":\"https:\\\/\\\/centremedicalwattelar.be\\\/wp-content\\\/uploads\\\/2020\\\/05\\\/batiment.jpg\",\"width\":286,\"height\":176,\"caption\":\"centre m\u00e9dical Wattelar\"},\"image\":{\"@id\":\"https:\\\/\\\/centremedicalwattelar.be\\\/#\\\/schema\\\/logo\\\/image\\\/\"}}]}<\/script>\n<!-- \/ Yoast SEO plugin. -->","yoast_head_json":{"title":"accueil - Centre M\u00e9dical Wattelar","robots":{"index":"index","follow":"follow","max-snippet":"max-snippet:-1","max-image-preview":"max-image-preview:large","max-video-preview":"max-video-preview:-1"},"canonical":"https:\/\/centremedicalwattelar.be\/","og_locale":"fr_FR","og_type":"article","og_title":"accueil - Centre M\u00e9dical Wattelar","og_description":"Reprise progressive des consultations depuis ce lundi 11 Mai Evidemment, quelques r\u00e8gles s\u2019appliquent : PORT D\u2019UN MASQUE OBLIGATOIRE POUR TOUS Un petit coup d\u2019hydrogel sur les mains est \u00e9galement appr\u00e9ci\u00e9 VENEZ&nbsp;\u00c0 VOTRE RENDEZ-VOUS&nbsp;\u00c0 L\u2019HEURE PR\u00c9CISE Ni trop t\u00f4t, ni trop tard PAS D\u2019ACCOMPAGNEMENT AUTORIS\u00c9 Sauf\u200b si personne ag\u00e9e ou handicap\u00e9e devant \u00eatre aid\u00e9e, et les [&hellip;]","og_url":"https:\/\/centremedicalwattelar.be\/","og_site_name":"Centre M\u00e9dical Wattelar","article_modified_time":"2020-06-22T12:29:07+00:00","og_image":[{"url":"http:\/\/centremedicalwattelar.be\/wp-content\/uploads\/2020\/05\/cropped-Michel-Pardoen-1.jpg","type":"","width":"","height":""}],"twitter_card":"summary_large_image","twitter_misc":{"Dur\u00e9e de lecture estim\u00e9e":"3 minutes"},"schema":{"@context":"https:\/\/schema.org","@graph":[{"@type":"WebPage","@id":"https:\/\/centremedicalwattelar.be\/","url":"https:\/\/centremedicalwattelar.be\/","name":"accueil - Centre M\u00e9dical Wattelar","isPartOf":{"@id":"https:\/\/centremedicalwattelar.be\/#website"},"primaryImageOfPage":{"@id":"https:\/\/centremedicalwattelar.be\/#primaryimage"},"image":{"@id":"https:\/\/centremedicalwattelar.be\/#primaryimage"},"thumbnailUrl":"http:\/\/centremedicalwattelar.be\/wp-content\/uploads\/2020\/05\/cropped-Michel-Pardoen-1.jpg","datePublished":"2020-05-22T08:22:00+00:00","dateModified":"2020-06-22T12:29:07+00:00","breadcrumb":{"@id":"https:\/\/centremedicalwattelar.be\/#breadcrumb"},"inLanguage":"fr-FR","potentialAction":[{"@type":"ReadAction","target":["https:\/\/centremedicalwattelar.be\/"]}]},{"@type":"ImageObject","inLanguage":"fr-FR","@id":"https:\/\/centremedicalwattelar.be\/#primaryimage","url":"http:\/\/centremedicalwattelar.be\/wp-content\/uploads\/2020\/05\/cropped-Michel-Pardoen-1.jpg","contentUrl":"http:\/\/centremedicalwattelar.be\/wp-content\/uploads\/2020\/05\/cropped-Michel-Pardoen-1.jpg"},{"@type":"BreadcrumbList","@id":"https:\/\/centremedicalwattelar.be\/#breadcrumb","itemListElement":[{"@type":"ListItem","position":1,"name":"Accueil","item":"https:\/\/centremedicalwattelar.be\/"},{"@type":"ListItem","position":2,"name":"accueil"}]},{"@type":"WebSite","@id":"https:\/\/centremedicalwattelar.be\/#website","url":"https:\/\/centremedicalwattelar.be\/","name":"Centre M\u00e9dical Wattelar","description":"","publisher":{"@id":"https:\/\/centremedicalwattelar.be\/#organization"},"potentialAction":[{"@type":"SearchAction","target":{"@type":"EntryPoint","urlTemplate":"https:\/\/centremedicalwattelar.be\/?s={search_term_string}"},"query-input":{"@type":"PropertyValueSpecification","valueRequired":true,"valueName":"search_term_string"}}],"inLanguage":"fr-FR"},{"@type":"Organization","@id":"https:\/\/centremedicalwattelar.be\/#organization","name":"centre m\u00e9dical Wattelar","url":"https:\/\/centremedicalwattelar.be\/","logo":{"@type":"ImageObject","inLanguage":"fr-FR","@id":"https:\/\/centremedicalwattelar.be\/#\/schema\/logo\/image\/","url":"https:\/\/centremedicalwattelar.be\/wp-content\/uploads\/2020\/05\/batiment.jpg","contentUrl":"https:\/\/centremedicalwattelar.be\/wp-content\/uploads\/2020\/05\/batiment.jpg","width":286,"height":176,"caption":"centre m\u00e9dical Wattelar"},"image":{"@id":"https:\/\/centremedicalwattelar.be\/#\/schema\/logo\/image\/"}}]}},"jetpack_sharing_enabled":true,"_links":{"self":[{"href":"https:\/\/centremedicalwattelar.be\/index.php\/wp-json\/wp\/v2\/pages\/16","targetHints":{"allow":["GET"]}}],"collection":[{"href":"https:\/\/centremedicalwattelar.be\/index.php\/wp-json\/wp\/v2\/pages"}],"about":[{"href":"https:\/\/centremedicalwattelar.be\/index.php\/wp-json\/wp\/v2\/types\/page"}],"author":[{"embeddable":true,"href":"https:\/\/centremedicalwattelar.be\/index.php\/wp-json\/wp\/v2\/users\/1"}],"replies":[{"embeddable":true,"href":"https:\/\/centremedicalwattelar.be\/index.php\/wp-json\/wp\/v2\/comments?post=16"}],"version-history":[{"count":10,"href":"https:\/\/centremedicalwattelar.be\/index.php\/wp-json\/wp\/v2\/pages\/16\/revisions"}],"predecessor-version":[{"id":828,"href":"https:\/\/centremedicalwattelar.be\/index.php\/wp-json\/wp\/v2\/pages\/16\/revisions\/828"}],"wp:attachment":[{"href":"https:\/\/centremedicalwattelar.be\/index.php\/wp-json\/wp\/v2\/media?parent=16"}],"curies":[{"name":"wp","href":"https:\/\/api.w.org\/{rel}","templated":true}]}}